{"version":"1.0","provider_name":"Jornal Ponto Mais","provider_url":"https:\/\/jornalpontomais.com\/site","author_name":"Jornal Ponto Mais","author_url":"https:\/\/jornalpontomais.com\/site\/author\/jornalpontomais\/","title":"Goi\u00e1s inicia teste gen\u00e9tico para c\u00e2ncer de mama - Jornal Ponto Mais","type":"rich","width":600,"height":338,"html":"<blockquote class=\"wp-embedded-content\" data-secret=\"YkK1eViuZn\"><a href=\"https:\/\/jornalpontomais.com\/site\/2024\/01\/20\/goias-inicia-teste-genetico-para-cancer-de-mama\/\">Goi\u00e1s inicia teste gen\u00e9tico para c\u00e2ncer de mama<\/a><\/blockquote><iframe sandbox=\"allow-scripts\" security=\"restricted\" src=\"https:\/\/jornalpontomais.com\/site\/2024\/01\/20\/goias-inicia-teste-genetico-para-cancer-de-mama\/embed\/#?secret=YkK1eViuZn\" width=\"600\" height=\"338\" title=\"&#8220;Goi\u00e1s inicia teste gen\u00e9tico para c\u00e2ncer de mama&#8221; &#8212; Jornal Ponto Mais\" data-secret=\"YkK1eViuZn\" frameborder=\"0\" marginwidth=\"0\" marginheight=\"0\" scrolling=\"no\" class=\"wp-embedded-content\"><\/iframe><script type=\"text\/javascript\">\n\/* <![CDATA[ *\/\n\/*! This file is auto-generated *\/\n!function(d,l){\"use strict\";l.querySelector&&d.addEventListener&&\"undefined\"!=typeof URL&&(d.wp=d.wp||{},d.wp.receiveEmbedMessage||(d.wp.receiveEmbedMessage=function(e){var t=e.data;if((t||t.secret||t.message||t.value)&&!\/[^a-zA-Z0-9]\/.test(t.secret)){for(var s,r,n,a=l.querySelectorAll('iframe[data-secret=\"'+t.secret+'\"]'),o=l.querySelectorAll('blockquote[data-secret=\"'+t.secret+'\"]'),c=new RegExp(\"^https?:$\",\"i\"),i=0;i<o.length;i++)o[i].style.display=\"none\";for(i=0;i<a.length;i++)s=a[i],e.source===s.contentWindow&&(s.removeAttribute(\"style\"),\"height\"===t.message?(1e3<(r=parseInt(t.value,10))?r=1e3:~~r<200&&(r=200),s.height=r):\"link\"===t.message&&(r=new URL(s.getAttribute(\"src\")),n=new URL(t.value),c.test(n.protocol))&&n.host===r.host&&l.activeElement===s&&(d.top.location.href=t.value))}},d.addEventListener(\"message\",d.wp.receiveEmbedMessage,!1),l.addEventListener(\"DOMContentLoaded\",function(){for(var e,t,s=l.querySelectorAll(\"iframe.wp-embedded-content\"),r=0;r<s.length;r++)(t=(e=s[r]).getAttribute(\"data-secret\"))||(t=Math.random().toString(36).substring(2,12),e.src+=\"#?secret=\"+t,e.setAttribute(\"data-secret\",t)),e.contentWindow.postMessage({message:\"ready\",secret:t},\"*\")},!1)))}(window,document);\n\/\/# sourceURL=https:\/\/jornalpontomais.com\/site\/wp-includes\/js\/wp-embed.min.js\n\/* ]]> *\/\n<\/script>\n","thumbnail_url":"https:\/\/jornalpontomais.com\/site\/wp-content\/uploads\/2024\/01\/AM_-_dezembro-janeiro_-_pauta1_-_blog.png","thumbnail_width":1000,"thumbnail_height":667,"description":"Na \u00faltima semana, o Centro de Gen\u00e9tica Humana (GEF) da Universidade Federal de Goi\u00e1s (UFG) conduziu os primeiros sequenciamentos gen\u00e9ticos destinados \u00e0 detec\u00e7\u00e3o precoce de muta\u00e7\u00f5es causadoras de c\u00e2ncer de mama e\/ou ov\u00e1rio. Essa iniciativa, pioneira no \u00e2mbito do Sistema \u00danico de Sa\u00fade (SUS) no pa\u00eds, foi formalizada em outubro de 2023 atrav\u00e9s do conv\u00eanio [&hellip;]"}